{"id":140,"date":"2019-04-03T15:46:55","date_gmt":"2019-04-03T15:46:55","guid":{"rendered":"http:\/\/joachimdierauer.ch\/Wordpress\/?page_id=140"},"modified":"2026-04-12T15:37:24","modified_gmt":"2026-04-12T15:37:24","slug":"ausstellungen","status":"publish","type":"page","link":"https:\/\/joachimdierauer.ch\/Wordpress\/ausstellungen\/","title":{"rendered":"Ausstellungen"},"content":{"rendered":"<p><img loading=\"lazy\" decoding=\"async\" class=\"alignnone size-full wp-image-371\" src=\"http:\/\/joachimdierauer.ch\/Wordpress\/wp-content\/uploads\/2025\/11\/Druckgrafik_2025.jpg\" alt=\"Druckgrafik_2025\" width=\"1272\" height=\"900\" srcset=\"https:\/\/joachimdierauer.ch\/Wordpress\/wp-content\/uploads\/2025\/11\/Druckgrafik_2025.jpg 1272w, https:\/\/joachimdierauer.ch\/Wordpress\/wp-content\/uploads\/2025\/11\/Druckgrafik_2025-300x212.jpg 300w, https:\/\/joachimdierauer.ch\/Wordpress\/wp-content\/uploads\/2025\/11\/Druckgrafik_2025-1024x725.jpg 1024w, https:\/\/joachimdierauer.ch\/Wordpress\/wp-content\/uploads\/2025\/11\/Druckgrafik_2025-768x543.jpg 768w\" sizes=\"auto, (max-width: 1272px) 100vw, 1272px\" \/><\/p>\r\n<p><img loading=\"lazy\" decoding=\"async\" class=\"alignnone size-full wp-image-367\" src=\"http:\/\/joachimdierauer.ch\/Wordpress\/wp-content\/uploads\/2025\/09\/Inspirationen-einer-Werkstattwoche.jpg\" alt=\"\" width=\"1131\" height=\"1600\" srcset=\"https:\/\/joachimdierauer.ch\/Wordpress\/wp-content\/uploads\/2025\/09\/Inspirationen-einer-Werkstattwoche.jpg 1131w, https:\/\/joachimdierauer.ch\/Wordpress\/wp-content\/uploads\/2025\/09\/Inspirationen-einer-Werkstattwoche-212x300.jpg 212w, https:\/\/joachimdierauer.ch\/Wordpress\/wp-content\/uploads\/2025\/09\/Inspirationen-einer-Werkstattwoche-724x1024.jpg 724w, https:\/\/joachimdierauer.ch\/Wordpress\/wp-content\/uploads\/2025\/09\/Inspirationen-einer-Werkstattwoche-768x1086.jpg 768w, https:\/\/joachimdierauer.ch\/Wordpress\/wp-content\/uploads\/2025\/09\/Inspirationen-einer-Werkstattwoche-1086x1536.jpg 1086w\" sizes=\"auto, (max-width: 1131px) 100vw, 1131px\" \/><\/p>\r\n<p><img loading=\"lazy\" decoding=\"async\" class=\"alignnone size-full wp-image-364\" src=\"http:\/\/joachimdierauer.ch\/Wordpress\/wp-content\/uploads\/2025\/06\/Stamparia-2025.jpg\" alt=\"\" width=\"1200\" height=\"875\" srcset=\"https:\/\/joachimdierauer.ch\/Wordpress\/wp-content\/uploads\/2025\/06\/Stamparia-2025.jpg 1200w, https:\/\/joachimdierauer.ch\/Wordpress\/wp-content\/uploads\/2025\/06\/Stamparia-2025-300x219.jpg 300w, https:\/\/joachimdierauer.ch\/Wordpress\/wp-content\/uploads\/2025\/06\/Stamparia-2025-1024x747.jpg 1024w, https:\/\/joachimdierauer.ch\/Wordpress\/wp-content\/uploads\/2025\/06\/Stamparia-2025-768x560.jpg 768w\" sizes=\"auto, (max-width: 1200px) 100vw, 1200px\" \/><\/p>\r\n<p><img loading=\"lazy\" decoding=\"async\" class=\"alignnone size-full wp-image-361\" src=\"http:\/\/joachimdierauer.ch\/Wordpress\/wp-content\/uploads\/2025\/04\/LG-Natur-H2-Haselboden.jpg\" alt=\"\" width=\"908\" height=\"676\" srcset=\"https:\/\/joachimdierauer.ch\/Wordpress\/wp-content\/uploads\/2025\/04\/LG-Natur-H2-Haselboden.jpg 908w, https:\/\/joachimdierauer.ch\/Wordpress\/wp-content\/uploads\/2025\/04\/LG-Natur-H2-Haselboden-300x223.jpg 300w, https:\/\/joachimdierauer.ch\/Wordpress\/wp-content\/uploads\/2025\/04\/LG-Natur-H2-Haselboden-768x572.jpg 768w\" sizes=\"auto, (max-width: 908px) 100vw, 908px\" \/><\/p>\r\n<p><img loading=\"lazy\" decoding=\"async\" class=\"alignnone size-full wp-image-354\" src=\"http:\/\/joachimdierauer.ch\/Wordpress\/wp-content\/uploads\/2024\/10\/Druckgrafik-2024-1.jpg\" alt=\"\" width=\"874\" height=\"1240\" srcset=\"https:\/\/joachimdierauer.ch\/Wordpress\/wp-content\/uploads\/2024\/10\/Druckgrafik-2024-1.jpg 874w, https:\/\/joachimdierauer.ch\/Wordpress\/wp-content\/uploads\/2024\/10\/Druckgrafik-2024-1-211x300.jpg 211w, https:\/\/joachimdierauer.ch\/Wordpress\/wp-content\/uploads\/2024\/10\/Druckgrafik-2024-1-722x1024.jpg 722w, https:\/\/joachimdierauer.ch\/Wordpress\/wp-content\/uploads\/2024\/10\/Druckgrafik-2024-1-768x1090.jpg 768w\" sizes=\"auto, (max-width: 874px) 100vw, 874px\" \/><\/p>\r\n<p><img loading=\"lazy\" decoding=\"async\" class=\"alignnone size-full wp-image-353\" src=\"http:\/\/joachimdierauer.ch\/Wordpress\/wp-content\/uploads\/2024\/10\/Druckgrafik-2024-2.jpg\" alt=\"\" width=\"874\" height=\"1240\" srcset=\"https:\/\/joachimdierauer.ch\/Wordpress\/wp-content\/uploads\/2024\/10\/Druckgrafik-2024-2.jpg 874w, https:\/\/joachimdierauer.ch\/Wordpress\/wp-content\/uploads\/2024\/10\/Druckgrafik-2024-2-211x300.jpg 211w, https:\/\/joachimdierauer.ch\/Wordpress\/wp-content\/uploads\/2024\/10\/Druckgrafik-2024-2-722x1024.jpg 722w, https:\/\/joachimdierauer.ch\/Wordpress\/wp-content\/uploads\/2024\/10\/Druckgrafik-2024-2-768x1090.jpg 768w\" sizes=\"auto, (max-width: 874px) 100vw, 874px\" \/><\/p>\r\n<p><img loading=\"lazy\" decoding=\"async\" class=\"alignnone size-full wp-image-347\" src=\"http:\/\/joachimdierauer.ch\/Wordpress\/wp-content\/uploads\/2024\/09\/Codex-Natur-1.jpg\" alt=\"\" width=\"1749\" height=\"2480\" srcset=\"https:\/\/joachimdierauer.ch\/Wordpress\/wp-content\/uploads\/2024\/09\/Codex-Natur-1.jpg 1749w, https:\/\/joachimdierauer.ch\/Wordpress\/wp-content\/uploads\/2024\/09\/Codex-Natur-1-212x300.jpg 212w, https:\/\/joachimdierauer.ch\/Wordpress\/wp-content\/uploads\/2024\/09\/Codex-Natur-1-722x1024.jpg 722w, https:\/\/joachimdierauer.ch\/Wordpress\/wp-content\/uploads\/2024\/09\/Codex-Natur-1-768x1089.jpg 768w, https:\/\/joachimdierauer.ch\/Wordpress\/wp-content\/uploads\/2024\/09\/Codex-Natur-1-1083x1536.jpg 1083w, https:\/\/joachimdierauer.ch\/Wordpress\/wp-content\/uploads\/2024\/09\/Codex-Natur-1-1444x2048.jpg 1444w\" sizes=\"auto, (max-width: 1749px) 100vw, 1749px\" \/><\/p>\r\n<p><img loading=\"lazy\" decoding=\"async\" class=\"alignnone size-full wp-image-348\" src=\"http:\/\/joachimdierauer.ch\/Wordpress\/wp-content\/uploads\/2024\/09\/Codex-Natur-2.jpg\" alt=\"\" width=\"1749\" height=\"2480\" srcset=\"https:\/\/joachimdierauer.ch\/Wordpress\/wp-content\/uploads\/2024\/09\/Codex-Natur-2.jpg 1749w, https:\/\/joachimdierauer.ch\/Wordpress\/wp-content\/uploads\/2024\/09\/Codex-Natur-2-212x300.jpg 212w, https:\/\/joachimdierauer.ch\/Wordpress\/wp-content\/uploads\/2024\/09\/Codex-Natur-2-722x1024.jpg 722w, https:\/\/joachimdierauer.ch\/Wordpress\/wp-content\/uploads\/2024\/09\/Codex-Natur-2-768x1089.jpg 768w, https:\/\/joachimdierauer.ch\/Wordpress\/wp-content\/uploads\/2024\/09\/Codex-Natur-2-1083x1536.jpg 1083w, https:\/\/joachimdierauer.ch\/Wordpress\/wp-content\/uploads\/2024\/09\/Codex-Natur-2-1444x2048.jpg 1444w\" sizes=\"auto, (max-width: 1749px) 100vw, 1749px\" \/><\/p>\r\n<p><img loading=\"lazy\" decoding=\"async\" class=\"alignnone size-full wp-image-342\" src=\"http:\/\/joachimdierauer.ch\/Wordpress\/wp-content\/uploads\/2024\/08\/25-Jahre-Druckwerkstatt-Haldenstein-1.jpg\" alt=\"\" width=\"1127\" height=\"1600\" srcset=\"https:\/\/joachimdierauer.ch\/Wordpress\/wp-content\/uploads\/2024\/08\/25-Jahre-Druckwerkstatt-Haldenstein-1.jpg 1127w, https:\/\/joachimdierauer.ch\/Wordpress\/wp-content\/uploads\/2024\/08\/25-Jahre-Druckwerkstatt-Haldenstein-1-211x300.jpg 211w, https:\/\/joachimdierauer.ch\/Wordpress\/wp-content\/uploads\/2024\/08\/25-Jahre-Druckwerkstatt-Haldenstein-1-721x1024.jpg 721w, https:\/\/joachimdierauer.ch\/Wordpress\/wp-content\/uploads\/2024\/08\/25-Jahre-Druckwerkstatt-Haldenstein-1-768x1090.jpg 768w, https:\/\/joachimdierauer.ch\/Wordpress\/wp-content\/uploads\/2024\/08\/25-Jahre-Druckwerkstatt-Haldenstein-1-1082x1536.jpg 1082w\" sizes=\"auto, (max-width: 1127px) 100vw, 1127px\" \/><\/p>\r\n<p><img loading=\"lazy\" decoding=\"async\" class=\"alignnone size-full wp-image-343\" src=\"http:\/\/joachimdierauer.ch\/Wordpress\/wp-content\/uploads\/2024\/08\/25-Jahre-Druckwerkstatt-Haldenstein-2.jpg\" alt=\"\" width=\"1127\" height=\"1600\" srcset=\"https:\/\/joachimdierauer.ch\/Wordpress\/wp-content\/uploads\/2024\/08\/25-Jahre-Druckwerkstatt-Haldenstein-2.jpg 1127w, https:\/\/joachimdierauer.ch\/Wordpress\/wp-content\/uploads\/2024\/08\/25-Jahre-Druckwerkstatt-Haldenstein-2-211x300.jpg 211w, https:\/\/joachimdierauer.ch\/Wordpress\/wp-content\/uploads\/2024\/08\/25-Jahre-Druckwerkstatt-Haldenstein-2-721x1024.jpg 721w, https:\/\/joachimdierauer.ch\/Wordpress\/wp-content\/uploads\/2024\/08\/25-Jahre-Druckwerkstatt-Haldenstein-2-768x1090.jpg 768w, https:\/\/joachimdierauer.ch\/Wordpress\/wp-content\/uploads\/2024\/08\/25-Jahre-Druckwerkstatt-Haldenstein-2-1082x1536.jpg 1082w\" sizes=\"auto, (max-width: 1127px) 100vw, 1127px\" \/><\/p>\r\n<p><img loading=\"lazy\" decoding=\"async\" class=\"alignnone size-full wp-image-344\" src=\"http:\/\/joachimdierauer.ch\/Wordpress\/wp-content\/uploads\/2024\/08\/25-Jahre-Druckwerkstatt-Haldenstein-3.jpg\" alt=\"\" width=\"1131\" height=\"1600\" srcset=\"https:\/\/joachimdierauer.ch\/Wordpress\/wp-content\/uploads\/2024\/08\/25-Jahre-Druckwerkstatt-Haldenstein-3.jpg 1131w, https:\/\/joachimdierauer.ch\/Wordpress\/wp-content\/uploads\/2024\/08\/25-Jahre-Druckwerkstatt-Haldenstein-3-212x300.jpg 212w, https:\/\/joachimdierauer.ch\/Wordpress\/wp-content\/uploads\/2024\/08\/25-Jahre-Druckwerkstatt-Haldenstein-3-724x1024.jpg 724w, https:\/\/joachimdierauer.ch\/Wordpress\/wp-content\/uploads\/2024\/08\/25-Jahre-Druckwerkstatt-Haldenstein-3-768x1086.jpg 768w, https:\/\/joachimdierauer.ch\/Wordpress\/wp-content\/uploads\/2024\/08\/25-Jahre-Druckwerkstatt-Haldenstein-3-1086x1536.jpg 1086w\" sizes=\"auto, (max-width: 1131px) 100vw, 1131px\" \/><\/p>\r\n<p><img loading=\"lazy\" decoding=\"async\" class=\"alignnone size-full wp-image-337\" src=\"http:\/\/joachimdierauer.ch\/Wordpress\/wp-content\/uploads\/2023\/11\/Einladungskarte-Open-Ateliers-2023.jpeg\" alt=\"\" width=\"1280\" height=\"888\" srcset=\"https:\/\/joachimdierauer.ch\/Wordpress\/wp-content\/uploads\/2023\/11\/Einladungskarte-Open-Ateliers-2023.jpeg 1280w, https:\/\/joachimdierauer.ch\/Wordpress\/wp-content\/uploads\/2023\/11\/Einladungskarte-Open-Ateliers-2023-300x208.jpeg 300w, https:\/\/joachimdierauer.ch\/Wordpress\/wp-content\/uploads\/2023\/11\/Einladungskarte-Open-Ateliers-2023-1024x710.jpeg 1024w, https:\/\/joachimdierauer.ch\/Wordpress\/wp-content\/uploads\/2023\/11\/Einladungskarte-Open-Ateliers-2023-768x533.jpeg 768w\" sizes=\"auto, (max-width: 1280px) 100vw, 1280px\" \/><img loading=\"lazy\" decoding=\"async\" class=\"alignnone size-full wp-image-338\" src=\"http:\/\/joachimdierauer.ch\/Wordpress\/wp-content\/uploads\/2023\/11\/RZ_Flyer_Ausstellung-2023_Print-1.jpg\" alt=\"\" width=\"1748\" height=\"2480\" srcset=\"https:\/\/joachimdierauer.ch\/Wordpress\/wp-content\/uploads\/2023\/11\/RZ_Flyer_Ausstellung-2023_Print-1.jpg 1748w, https:\/\/joachimdierauer.ch\/Wordpress\/wp-content\/uploads\/2023\/11\/RZ_Flyer_Ausstellung-2023_Print-1-211x300.jpg 211w, https:\/\/joachimdierauer.ch\/Wordpress\/wp-content\/uploads\/2023\/11\/RZ_Flyer_Ausstellung-2023_Print-1-722x1024.jpg 722w, https:\/\/joachimdierauer.ch\/Wordpress\/wp-content\/uploads\/2023\/11\/RZ_Flyer_Ausstellung-2023_Print-1-768x1090.jpg 768w, https:\/\/joachimdierauer.ch\/Wordpress\/wp-content\/uploads\/2023\/11\/RZ_Flyer_Ausstellung-2023_Print-1-1083x1536.jpg 1083w, https:\/\/joachimdierauer.ch\/Wordpress\/wp-content\/uploads\/2023\/11\/RZ_Flyer_Ausstellung-2023_Print-1-1444x2048.jpg 1444w\" sizes=\"auto, (max-width: 1748px) 100vw, 1748px\" \/> <img loading=\"lazy\" decoding=\"async\" class=\"alignnone size-full wp-image-339\" src=\"http:\/\/joachimdierauer.ch\/Wordpress\/wp-content\/uploads\/2023\/11\/RZ_Flyer_Ausstellung-2023_Print-2.jpg\" alt=\"\" width=\"1748\" height=\"2480\" srcset=\"https:\/\/joachimdierauer.ch\/Wordpress\/wp-content\/uploads\/2023\/11\/RZ_Flyer_Ausstellung-2023_Print-2.jpg 1748w, https:\/\/joachimdierauer.ch\/Wordpress\/wp-content\/uploads\/2023\/11\/RZ_Flyer_Ausstellung-2023_Print-2-211x300.jpg 211w, https:\/\/joachimdierauer.ch\/Wordpress\/wp-content\/uploads\/2023\/11\/RZ_Flyer_Ausstellung-2023_Print-2-722x1024.jpg 722w, https:\/\/joachimdierauer.ch\/Wordpress\/wp-content\/uploads\/2023\/11\/RZ_Flyer_Ausstellung-2023_Print-2-768x1090.jpg 768w, https:\/\/joachimdierauer.ch\/Wordpress\/wp-content\/uploads\/2023\/11\/RZ_Flyer_Ausstellung-2023_Print-2-1083x1536.jpg 1083w, https:\/\/joachimdierauer.ch\/Wordpress\/wp-content\/uploads\/2023\/11\/RZ_Flyer_Ausstellung-2023_Print-2-1444x2048.jpg 1444w\" sizes=\"auto, (max-width: 1748px) 100vw, 1748px\" \/><img loading=\"lazy\" decoding=\"async\" class=\"alignnone size-full wp-image-334\" src=\"http:\/\/joachimdierauer.ch\/Wordpress\/wp-content\/uploads\/2023\/04\/DruckGrafikAusstellungBonaduz.jpg\" alt=\"\" width=\"632\" height=\"895\" srcset=\"https:\/\/joachimdierauer.ch\/Wordpress\/wp-content\/uploads\/2023\/04\/DruckGrafikAusstellungBonaduz.jpg 632w, https:\/\/joachimdierauer.ch\/Wordpress\/wp-content\/uploads\/2023\/04\/DruckGrafikAusstellungBonaduz-212x300.jpg 212w\" sizes=\"auto, (max-width: 632px) 100vw, 632px\" \/><img loading=\"lazy\" decoding=\"async\" class=\"alignnone size-full wp-image-330\" src=\"http:\/\/joachimdierauer.ch\/Wordpress\/wp-content\/uploads\/2023\/02\/Lottstetten-1.jpg\" alt=\"\" width=\"960\" height=\"682\" srcset=\"https:\/\/joachimdierauer.ch\/Wordpress\/wp-content\/uploads\/2023\/02\/Lottstetten-1.jpg 960w, https:\/\/joachimdierauer.ch\/Wordpress\/wp-content\/uploads\/2023\/02\/Lottstetten-1-300x213.jpg 300w, https:\/\/joachimdierauer.ch\/Wordpress\/wp-content\/uploads\/2023\/02\/Lottstetten-1-768x546.jpg 768w\" sizes=\"auto, (max-width: 960px) 100vw, 960px\" \/><img loading=\"lazy\" decoding=\"async\" class=\"alignnone size-full wp-image-331\" src=\"http:\/\/joachimdierauer.ch\/Wordpress\/wp-content\/uploads\/2023\/02\/Lottstetten-2.jpg\" alt=\"\" width=\"960\" height=\"683\" srcset=\"https:\/\/joachimdierauer.ch\/Wordpress\/wp-content\/uploads\/2023\/02\/Lottstetten-2.jpg 960w, https:\/\/joachimdierauer.ch\/Wordpress\/wp-content\/uploads\/2023\/02\/Lottstetten-2-300x213.jpg 300w, https:\/\/joachimdierauer.ch\/Wordpress\/wp-content\/uploads\/2023\/02\/Lottstetten-2-768x546.jpg 768w\" sizes=\"auto, (max-width: 960px) 100vw, 960px\" \/><img loading=\"lazy\" decoding=\"async\" class=\"alignnone size-full wp-image-327\" src=\"http:\/\/joachimdierauer.ch\/Wordpress\/wp-content\/uploads\/2023\/02\/Aegypten_2022.jpg\" alt=\"\" width=\"604\" height=\"826\" srcset=\"https:\/\/joachimdierauer.ch\/Wordpress\/wp-content\/uploads\/2023\/02\/Aegypten_2022.jpg 604w, https:\/\/joachimdierauer.ch\/Wordpress\/wp-content\/uploads\/2023\/02\/Aegypten_2022-219x300.jpg 219w\" sizes=\"auto, (max-width: 604px) 100vw, 604px\" \/><img loading=\"lazy\" decoding=\"async\" class=\"alignnone size-full wp-image-322\" src=\"http:\/\/joachimdierauer.ch\/Wordpress\/wp-content\/uploads\/2022\/12\/Stadtgalerie_2022.jpg\" alt=\"\" width=\"874\" height=\"1240\" srcset=\"https:\/\/joachimdierauer.ch\/Wordpress\/wp-content\/uploads\/2022\/12\/Stadtgalerie_2022.jpg 874w, https:\/\/joachimdierauer.ch\/Wordpress\/wp-content\/uploads\/2022\/12\/Stadtgalerie_2022-211x300.jpg 211w, https:\/\/joachimdierauer.ch\/Wordpress\/wp-content\/uploads\/2022\/12\/Stadtgalerie_2022-722x1024.jpg 722w, https:\/\/joachimdierauer.ch\/Wordpress\/wp-content\/uploads\/2022\/12\/Stadtgalerie_2022-768x1090.jpg 768w\" sizes=\"auto, (max-width: 874px) 100vw, 874px\" \/><img loading=\"lazy\" decoding=\"async\" class=\"alignnone size-full wp-image-323\" src=\"http:\/\/joachimdierauer.ch\/Wordpress\/wp-content\/uploads\/2022\/12\/Stadtgalerie_Joachim_Dierauer_1.jpg\" alt=\"\" width=\"1024\" height=\"768\" srcset=\"https:\/\/joachimdierauer.ch\/Wordpress\/wp-content\/uploads\/2022\/12\/Stadtgalerie_Joachim_Dierauer_1.jpg 1024w, https:\/\/joachimdierauer.ch\/Wordpress\/wp-content\/uploads\/2022\/12\/Stadtgalerie_Joachim_Dierauer_1-300x225.jpg 300w, https:\/\/joachimdierauer.ch\/Wordpress\/wp-content\/uploads\/2022\/12\/Stadtgalerie_Joachim_Dierauer_1-768x576.jpg 768w\" sizes=\"auto, (max-width: 1024px) 100vw, 1024px\" \/><img loading=\"lazy\" decoding=\"async\" class=\"alignnone size-full wp-image-324\" src=\"http:\/\/joachimdierauer.ch\/Wordpress\/wp-content\/uploads\/2022\/12\/Stadtgalerie_Joachim_Dierauer_2.jpg\" alt=\"\" width=\"1024\" height=\"768\" srcset=\"https:\/\/joachimdierauer.ch\/Wordpress\/wp-content\/uploads\/2022\/12\/Stadtgalerie_Joachim_Dierauer_2.jpg 1024w, https:\/\/joachimdierauer.ch\/Wordpress\/wp-content\/uploads\/2022\/12\/Stadtgalerie_Joachim_Dierauer_2-300x225.jpg 300w, https:\/\/joachimdierauer.ch\/Wordpress\/wp-content\/uploads\/2022\/12\/Stadtgalerie_Joachim_Dierauer_2-768x576.jpg 768w\" sizes=\"auto, (max-width: 1024px) 100vw, 1024px\" \/><img loading=\"lazy\" decoding=\"async\" class=\"alignnone size-full wp-image-319\" src=\"http:\/\/joachimdierauer.ch\/Wordpress\/wp-content\/uploads\/2022\/11\/SDR_Cuadro.jpg\" alt=\"\" width=\"1288\" height=\"910\" srcset=\"https:\/\/joachimdierauer.ch\/Wordpress\/wp-content\/uploads\/2022\/11\/SDR_Cuadro.jpg 1288w, https:\/\/joachimdierauer.ch\/Wordpress\/wp-content\/uploads\/2022\/11\/SDR_Cuadro-300x212.jpg 300w, https:\/\/joachimdierauer.ch\/Wordpress\/wp-content\/uploads\/2022\/11\/SDR_Cuadro-1024x723.jpg 1024w, https:\/\/joachimdierauer.ch\/Wordpress\/wp-content\/uploads\/2022\/11\/SDR_Cuadro-768x543.jpg 768w\" sizes=\"auto, (max-width: 1288px) 100vw, 1288px\" \/>Paris 2020<\/p>\r\n<p>Eine Ausstellung von<\/p>\r\n<p>Joachim Dierauer<\/p>\r\n<p>Lockdown in Paris. Museen, Theater und fast alle Gesch\u00e4fte geschlossen. Ausgang zum Einkaufen eine Stunde am Tag. Der immer gleiche Blick aus dem Fenster. In imposanter Kulisse, Obdachlose und Armut noch pr\u00e4senter, jetzt da das gesch\u00e4ftige Treiben fehlt. Keine Zerstreuung, kein Savoir- vivre, keine Lebensfreude. Die Stadt ein trauriges Gef\u00e4ngnis.<\/p>\r\n<p>Ausstellung, Stadtgalerie Chur<\/p>\r\n<p>Sa 30. April bis Sa 7. Mai 2022<\/p>\r\n<p>Mi bis Fr 17 bis 19 Uhr<\/p>\r\n<p>Sa 10 bis 12 Uhr und 16 bis 18 Uhr<\/p>\r\n<p>Vernissage<\/p>\r\n<p>Di 3. Mai<\/p>\r\n<p>17 bis 20 Uhr<\/p>\r\n<p style=\"text-align: center;\"><img loading=\"lazy\" decoding=\"async\" class=\"alignnone size-full wp-image-306\" src=\"http:\/\/joachimdierauer.ch\/Wordpress\/wp-content\/uploads\/2022\/04\/Paris_2020.jpg\" alt=\"\" width=\"1384\" height=\"1027\" srcset=\"https:\/\/joachimdierauer.ch\/Wordpress\/wp-content\/uploads\/2022\/04\/Paris_2020.jpg 1384w, https:\/\/joachimdierauer.ch\/Wordpress\/wp-content\/uploads\/2022\/04\/Paris_2020-300x223.jpg 300w, https:\/\/joachimdierauer.ch\/Wordpress\/wp-content\/uploads\/2022\/04\/Paris_2020-1024x760.jpg 1024w, https:\/\/joachimdierauer.ch\/Wordpress\/wp-content\/uploads\/2022\/04\/Paris_2020-768x570.jpg 768w\" sizes=\"auto, (max-width: 1384px) 100vw, 1384px\" \/><img loading=\"lazy\" decoding=\"async\" class=\"alignnone size-full wp-image-256\" src=\"http:\/\/joachimdierauer.ch\/Wordpress\/wp-content\/uploads\/2021\/10\/con_fuoco_2.jpg\" alt=\"\" width=\"906\" height=\"640\" srcset=\"https:\/\/joachimdierauer.ch\/Wordpress\/wp-content\/uploads\/2021\/10\/con_fuoco_2.jpg 906w, https:\/\/joachimdierauer.ch\/Wordpress\/wp-content\/uploads\/2021\/10\/con_fuoco_2-300x212.jpg 300w, https:\/\/joachimdierauer.ch\/Wordpress\/wp-content\/uploads\/2021\/10\/con_fuoco_2-768x543.jpg 768w\" sizes=\"auto, (max-width: 906px) 100vw, 906px\" \/> <img loading=\"lazy\" decoding=\"async\" class=\"alignnone size-full wp-image-254\" src=\"http:\/\/joachimdierauer.ch\/Wordpress\/wp-content\/uploads\/2021\/10\/con_fuoco_1.jpg\" alt=\"\" width=\"909\" height=\"640\" srcset=\"https:\/\/joachimdierauer.ch\/Wordpress\/wp-content\/uploads\/2021\/10\/con_fuoco_1.jpg 909w, https:\/\/joachimdierauer.ch\/Wordpress\/wp-content\/uploads\/2021\/10\/con_fuoco_1-300x211.jpg 300w, https:\/\/joachimdierauer.ch\/Wordpress\/wp-content\/uploads\/2021\/10\/con_fuoco_1-768x541.jpg 768w\" sizes=\"auto, (max-width: 909px) 100vw, 909px\" \/><img loading=\"lazy\" decoding=\"async\" class=\"alignnone size-full wp-image-249\" src=\"http:\/\/joachimdierauer.ch\/Wordpress\/wp-content\/uploads\/2021\/06\/Kunstweg-am-Mittenberg-2021.jpg\" alt=\"\" width=\"1240\" height=\"1506\" srcset=\"https:\/\/joachimdierauer.ch\/Wordpress\/wp-content\/uploads\/2021\/06\/Kunstweg-am-Mittenberg-2021.jpg 1240w, https:\/\/joachimdierauer.ch\/Wordpress\/wp-content\/uploads\/2021\/06\/Kunstweg-am-Mittenberg-2021-247x300.jpg 247w, https:\/\/joachimdierauer.ch\/Wordpress\/wp-content\/uploads\/2021\/06\/Kunstweg-am-Mittenberg-2021-843x1024.jpg 843w, https:\/\/joachimdierauer.ch\/Wordpress\/wp-content\/uploads\/2021\/06\/Kunstweg-am-Mittenberg-2021-768x933.jpg 768w\" sizes=\"auto, (max-width: 1240px) 100vw, 1240px\" \/> <img loading=\"lazy\" decoding=\"async\" class=\"alignnone size-full wp-image-250\" src=\"http:\/\/joachimdierauer.ch\/Wordpress\/wp-content\/uploads\/2021\/06\/Kunstweg-am-Mittenberg-2021_2.jpg\" alt=\"\" width=\"1600\" height=\"1200\" srcset=\"https:\/\/joachimdierauer.ch\/Wordpress\/wp-content\/uploads\/2021\/06\/Kunstweg-am-Mittenberg-2021_2.jpg 1600w, https:\/\/joachimdierauer.ch\/Wordpress\/wp-content\/uploads\/2021\/06\/Kunstweg-am-Mittenberg-2021_2-300x225.jpg 300w, https:\/\/joachimdierauer.ch\/Wordpress\/wp-content\/uploads\/2021\/06\/Kunstweg-am-Mittenberg-2021_2-1024x768.jpg 1024w, https:\/\/joachimdierauer.ch\/Wordpress\/wp-content\/uploads\/2021\/06\/Kunstweg-am-Mittenberg-2021_2-768x576.jpg 768w, https:\/\/joachimdierauer.ch\/Wordpress\/wp-content\/uploads\/2021\/06\/Kunstweg-am-Mittenberg-2021_2-1536x1152.jpg 1536w\" sizes=\"auto, (max-width: 1600px) 100vw, 1600px\" \/>Stadtgalerie Chur, Mai 2022<\/p>\r\n<p><img loading=\"lazy\" decoding=\"async\" class=\"alignnone size-full wp-image-309\" src=\"http:\/\/joachimdierauer.ch\/Wordpress\/wp-content\/uploads\/2022\/05\/Stadgalerie_2022.jpg\" alt=\"\" width=\"1800\" height=\"1350\" srcset=\"https:\/\/joachimdierauer.ch\/Wordpress\/wp-content\/uploads\/2022\/05\/Stadgalerie_2022.jpg 1800w, https:\/\/joachimdierauer.ch\/Wordpress\/wp-content\/uploads\/2022\/05\/Stadgalerie_2022-300x225.jpg 300w, https:\/\/joachimdierauer.ch\/Wordpress\/wp-content\/uploads\/2022\/05\/Stadgalerie_2022-1024x768.jpg 1024w, https:\/\/joachimdierauer.ch\/Wordpress\/wp-content\/uploads\/2022\/05\/Stadgalerie_2022-768x576.jpg 768w, https:\/\/joachimdierauer.ch\/Wordpress\/wp-content\/uploads\/2022\/05\/Stadgalerie_2022-1536x1152.jpg 1536w\" sizes=\"auto, (max-width: 1800px) 100vw, 1800px\" \/><\/p>\r\n<p style=\"text-align: center;\">Jahresausstellung B\u00fcndner Kunstmuseum 2022<\/p>\r\n<p><img loading=\"lazy\" decoding=\"async\" class=\"alignnone size-full wp-image-291\" src=\"http:\/\/joachimdierauer.ch\/Wordpress\/wp-content\/uploads\/2022\/01\/Jahresausstellung-Kunsthaus-2022_1.jpg\" alt=\"\" width=\"1600\" height=\"1200\" srcset=\"https:\/\/joachimdierauer.ch\/Wordpress\/wp-content\/uploads\/2022\/01\/Jahresausstellung-Kunsthaus-2022_1.jpg 1600w, https:\/\/joachimdierauer.ch\/Wordpress\/wp-content\/uploads\/2022\/01\/Jahresausstellung-Kunsthaus-2022_1-300x225.jpg 300w, https:\/\/joachimdierauer.ch\/Wordpress\/wp-content\/uploads\/2022\/01\/Jahresausstellung-Kunsthaus-2022_1-1024x768.jpg 1024w, https:\/\/joachimdierauer.ch\/Wordpress\/wp-content\/uploads\/2022\/01\/Jahresausstellung-Kunsthaus-2022_1-768x576.jpg 768w, https:\/\/joachimdierauer.ch\/Wordpress\/wp-content\/uploads\/2022\/01\/Jahresausstellung-Kunsthaus-2022_1-1536x1152.jpg 1536w\" sizes=\"auto, (max-width: 1600px) 100vw, 1600px\" \/> <img loading=\"lazy\" decoding=\"async\" class=\"alignnone size-full wp-image-292\" src=\"http:\/\/joachimdierauer.ch\/Wordpress\/wp-content\/uploads\/2022\/01\/Jahresausstellung-Kunsthaus-2022_2.jpg\" alt=\"\" width=\"1600\" height=\"1200\" srcset=\"https:\/\/joachimdierauer.ch\/Wordpress\/wp-content\/uploads\/2022\/01\/Jahresausstellung-Kunsthaus-2022_2.jpg 1600w, https:\/\/joachimdierauer.ch\/Wordpress\/wp-content\/uploads\/2022\/01\/Jahresausstellung-Kunsthaus-2022_2-300x225.jpg 300w, https:\/\/joachimdierauer.ch\/Wordpress\/wp-content\/uploads\/2022\/01\/Jahresausstellung-Kunsthaus-2022_2-1024x768.jpg 1024w, https:\/\/joachimdierauer.ch\/Wordpress\/wp-content\/uploads\/2022\/01\/Jahresausstellung-Kunsthaus-2022_2-768x576.jpg 768w, https:\/\/joachimdierauer.ch\/Wordpress\/wp-content\/uploads\/2022\/01\/Jahresausstellung-Kunsthaus-2022_2-1536x1152.jpg 1536w\" sizes=\"auto, (max-width: 1600px) 100vw, 1600px\" \/><\/p>\r\n\r\n<figure class=\"wp-block-image size-large\">\r\n<p>Galaria Fravi, 2021, Domat\/Ems<\/p>\r\n<p><img loading=\"lazy\" decoding=\"async\" class=\"size-full wp-image-285\" src=\"http:\/\/joachimdierauer.ch\/Wordpress\/wp-content\/uploads\/2021\/12\/Galaria_Fravi_2021-1.jpg\" alt=\"\" width=\"1800\" height=\"1350\" srcset=\"https:\/\/joachimdierauer.ch\/Wordpress\/wp-content\/uploads\/2021\/12\/Galaria_Fravi_2021-1.jpg 1800w, https:\/\/joachimdierauer.ch\/Wordpress\/wp-content\/uploads\/2021\/12\/Galaria_Fravi_2021-1-300x225.jpg 300w, https:\/\/joachimdierauer.ch\/Wordpress\/wp-content\/uploads\/2021\/12\/Galaria_Fravi_2021-1-1024x768.jpg 1024w, https:\/\/joachimdierauer.ch\/Wordpress\/wp-content\/uploads\/2021\/12\/Galaria_Fravi_2021-1-768x576.jpg 768w, https:\/\/joachimdierauer.ch\/Wordpress\/wp-content\/uploads\/2021\/12\/Galaria_Fravi_2021-1-1536x1152.jpg 1536w\" sizes=\"auto, (max-width: 1800px) 100vw, 1800px\" \/><\/p>\r\n<img loading=\"lazy\" decoding=\"async\" width=\"1024\" height=\"768\" class=\"wp-image-246\" src=\"https:\/\/joachimdierauer.ch\/Wordpress\/wp-content\/uploads\/2021\/03\/Jahresausstellung-2021-1024x768.jpg\" alt=\"\" srcset=\"https:\/\/joachimdierauer.ch\/Wordpress\/wp-content\/uploads\/2021\/03\/Jahresausstellung-2021-1024x768.jpg 1024w, https:\/\/joachimdierauer.ch\/Wordpress\/wp-content\/uploads\/2021\/03\/Jahresausstellung-2021-300x225.jpg 300w, https:\/\/joachimdierauer.ch\/Wordpress\/wp-content\/uploads\/2021\/03\/Jahresausstellung-2021-768x576.jpg 768w, https:\/\/joachimdierauer.ch\/Wordpress\/wp-content\/uploads\/2021\/03\/Jahresausstellung-2021-1536x1152.jpg 1536w, https:\/\/joachimdierauer.ch\/Wordpress\/wp-content\/uploads\/2021\/03\/Jahresausstellung-2021.jpg 1600w\" sizes=\"auto, (max-width: 1024px) 100vw, 1024px\" \/>\r\n<figcaption>Jahresausstellung der B\u00fcndner K\u00fcnstlerinnen und K\u00fcnstler, 2021, B\u00fcndner Kunstmuseum<\/figcaption>\r\n<\/figure>\r\n\r\n\r\n\r\n\r\n\r\n<figure class=\"wp-block-image size-large\"><img loading=\"lazy\" decoding=\"async\" width=\"1024\" height=\"768\" class=\"wp-image-198\" src=\"https:\/\/joachimdierauer.ch\/Wordpress\/wp-content\/uploads\/2020\/03\/IMG_6008-1024x768.jpg\" alt=\"\" srcset=\"https:\/\/joachimdierauer.ch\/Wordpress\/wp-content\/uploads\/2020\/03\/IMG_6008-1024x768.jpg 1024w, https:\/\/joachimdierauer.ch\/Wordpress\/wp-content\/uploads\/2020\/03\/IMG_6008-300x225.jpg 300w, https:\/\/joachimdierauer.ch\/Wordpress\/wp-content\/uploads\/2020\/03\/IMG_6008-768x576.jpg 768w, https:\/\/joachimdierauer.ch\/Wordpress\/wp-content\/uploads\/2020\/03\/IMG_6008-1536x1152.jpg 1536w, https:\/\/joachimdierauer.ch\/Wordpress\/wp-content\/uploads\/2020\/03\/IMG_6008.jpg 1600w\" sizes=\"auto, (max-width: 1024px) 100vw, 1024px\" \/>\r\n<figcaption>Druckgrafikausstellung Galerie \/ Edition Z, Chur<\/figcaption>\r\n<\/figure>\r\n\r\n\r\n\r\n<figure class=\"wp-block-image\"><img loading=\"lazy\" decoding=\"async\" width=\"724\" height=\"1024\" class=\"wp-image-121\" src=\"http:\/\/joachimdierauer.ch\/Wordpress\/wp-content\/uploads\/2019\/01\/Plakat-Stadtgalerie-724x1024.jpg\" alt=\"\" srcset=\"https:\/\/joachimdierauer.ch\/Wordpress\/wp-content\/uploads\/2019\/01\/Plakat-Stadtgalerie-724x1024.jpg 724w, https:\/\/joachimdierauer.ch\/Wordpress\/wp-content\/uploads\/2019\/01\/Plakat-Stadtgalerie-212x300.jpg 212w, https:\/\/joachimdierauer.ch\/Wordpress\/wp-content\/uploads\/2019\/01\/Plakat-Stadtgalerie.jpg 729w\" sizes=\"auto, (max-width: 724px) 100vw, 724px\" \/><\/figure>\r\n\r\n\r\n\r\n<figure class=\"wp-block-image\"><img loading=\"lazy\" decoding=\"async\" width=\"1024\" height=\"576\" class=\"wp-image-167\" src=\"http:\/\/joachimdierauer.ch\/Wordpress\/wp-content\/uploads\/2019\/06\/Stadgalerie-1024x576.jpg\" alt=\"\" srcset=\"https:\/\/joachimdierauer.ch\/Wordpress\/wp-content\/uploads\/2019\/06\/Stadgalerie-1024x576.jpg 1024w, https:\/\/joachimdierauer.ch\/Wordpress\/wp-content\/uploads\/2019\/06\/Stadgalerie-300x169.jpg 300w, https:\/\/joachimdierauer.ch\/Wordpress\/wp-content\/uploads\/2019\/06\/Stadgalerie-768x432.jpg 768w, https:\/\/joachimdierauer.ch\/Wordpress\/wp-content\/uploads\/2019\/06\/Stadgalerie.jpg 1800w\" sizes=\"auto, (max-width: 1024px) 100vw, 1024px\" \/>\r\n<figcaption>Ausstellung in der Stadtgalerie Chur<\/figcaption>\r\n<\/figure>\r\n\r\n\r\n\r\n<figure class=\"wp-block-image\"><img loading=\"lazy\" decoding=\"async\" width=\"640\" height=\"907\" class=\"wp-image-8\" src=\"http:\/\/joachimdierauer.ch\/Wordpress\/wp-content\/uploads\/2018\/06\/Plakat_Genua.jpg\" alt=\"\" srcset=\"https:\/\/joachimdierauer.ch\/Wordpress\/wp-content\/uploads\/2018\/06\/Plakat_Genua.jpg 640w, https:\/\/joachimdierauer.ch\/Wordpress\/wp-content\/uploads\/2018\/06\/Plakat_Genua-212x300.jpg 212w\" sizes=\"auto, (max-width: 640px) 100vw, 640px\" \/><\/figure>\r\n\r\n\r\n\r\n<figure class=\"wp-block-image\"><img loading=\"lazy\" decoding=\"async\" width=\"1024\" height=\"512\" class=\"wp-image-169\" src=\"http:\/\/joachimdierauer.ch\/Wordpress\/wp-content\/uploads\/2019\/06\/Karte_Dierauer-1024x512.jpg\" alt=\"\" srcset=\"https:\/\/joachimdierauer.ch\/Wordpress\/wp-content\/uploads\/2019\/06\/Karte_Dierauer-1024x512.jpg 1024w, https:\/\/joachimdierauer.ch\/Wordpress\/wp-content\/uploads\/2019\/06\/Karte_Dierauer-300x150.jpg 300w, https:\/\/joachimdierauer.ch\/Wordpress\/wp-content\/uploads\/2019\/06\/Karte_Dierauer-768x384.jpg 768w, https:\/\/joachimdierauer.ch\/Wordpress\/wp-content\/uploads\/2019\/06\/Karte_Dierauer.jpg 1800w\" sizes=\"auto, (max-width: 1024px) 100vw, 1024px\" \/><\/figure>\r\n","protected":false},"excerpt":{"rendered":"<p>Paris 2020 Eine Ausstellung von Joachim Dierauer Lockdown in Paris. Museen, Theater und fast alle Gesch\u00e4fte geschlossen. Ausgang zum Einkaufen eine Stunde am Tag. Der immer gleiche Blick aus dem Fenster. In imposanter Kulisse, Obdachlose und Armut noch pr\u00e4senter, jetzt da das gesch\u00e4ftige Treiben fehlt. Keine Zerstreuung, kein Savoir- vivre, keine Lebensfreude. Die Stadt ein<\/p>\n<p class=\"more-link-wrapper\"><a href=\"https:\/\/joachimdierauer.ch\/Wordpress\/ausstellungen\/\" class=\"more-link\">Continue Reading<span class=\"screen-reader-text\"> &#171;Ausstellungen&#187;<\/span><\/a><\/p>\n","protected":false},"author":1,"featured_media":0,"parent":0,"menu_order":0,"comment_status":"closed","ping_status":"closed","template":"template-full.php","meta":{"footnotes":""},"class_list":["post-140","page","type-page","status-publish","hentry"],"_links":{"self":[{"href":"https:\/\/joachimdierauer.ch\/Wordpress\/wp-json\/wp\/v2\/pages\/140","targetHints":{"allow":["GET"]}}],"collection":[{"href":"https:\/\/joachimdierauer.ch\/Wordpress\/wp-json\/wp\/v2\/pages"}],"about":[{"href":"https:\/\/joachimdierauer.ch\/Wordpress\/wp-json\/wp\/v2\/types\/page"}],"author":[{"embeddable":true,"href":"https:\/\/joachimdierauer.ch\/Wordpress\/wp-json\/wp\/v2\/users\/1"}],"replies":[{"embeddable":true,"href":"https:\/\/joachimdierauer.ch\/Wordpress\/wp-json\/wp\/v2\/comments?post=140"}],"version-history":[{"count":26,"href":"https:\/\/joachimdierauer.ch\/Wordpress\/wp-json\/wp\/v2\/pages\/140\/revisions"}],"predecessor-version":[{"id":398,"href":"https:\/\/joachimdierauer.ch\/Wordpress\/wp-json\/wp\/v2\/pages\/140\/revisions\/398"}],"wp:attachment":[{"href":"https:\/\/joachimdierauer.ch\/Wordpress\/wp-json\/wp\/v2\/media?parent=140"}],"curies":[{"name":"wp","href":"https:\/\/api.w.org\/{rel}","templated":true}]}}